{"id":9443,"date":"2021-06-01T13:45:46","date_gmt":"2021-06-01T18:45:46","guid":{"rendered":"https:\/\/www.harvesters.org\/?page_id=9443"},"modified":"2025-01-28T14:10:54","modified_gmt":"2025-01-28T20:10:54","slug":"nuestro-equipo-directivo","status":"publish","type":"page","link":"https:\/\/www.harvesters.org\/es\/sobre-harvesters\/quienes-somos\/nuestro-equipo-directivo","title":{"rendered":"Nuestro equipo ejecutivo"},"content":{"rendered":"\n<h2 class=\"wp-block-heading\">Conozca a nuestros ejecutivos<\/h2>\n\n\n\n<div style=\"height:20px\" aria-hidden=\"true\" class=\"wp-block-spacer\"><\/div>\n\n\n\n<hr class=\"wp-block-separator has-text-color has-blue-color has-css-opacity has-blue-background-color has-background is-style-wide\"\/>\n\n\n\n<div style=\"height:20px\" aria-hidden=\"true\" class=\"wp-block-spacer\"><\/div>\n\n\n\n<h3 class=\"wp-block-heading\">Stephen Davis <br>Presidente y Director Ejecutivo<\/h3>\n\n\n\n<figure class=\"wp-block-image alignleft size-full\"><img loading=\"lazy\" decoding=\"async\" width=\"240\" height=\"270\" src=\"http:\/\/www.harvesters.org\/wp-content\/uploads\/2022\/10\/Stephen-Davis.jpg\" alt=\"Stephen Davis\" class=\"wp-image-6741\"\/><\/figure>\n\n\n\n<p>Stephen Davis es el Presidente y Director General de Harvesters. Anteriormente fue director de operaciones de Harvesters durante siete a\u00f1os. Antes de Harvesters, trabaj\u00f3 casi 11 a\u00f1os en el Distrito Escolar Unificado de Blue Valley, en Overland Park, Kansas, como Director de Operaciones Presupuestarias y Empresariales. Antes de eso, Stephen trabaj\u00f3 m\u00e1s de ocho a\u00f1os en el sector de los servicios de alimentaci\u00f3n escolar como Director de Servicios de Alimentaci\u00f3n y Nutrici\u00f3n y, m\u00e1s tarde, como Gerente de Zona para Sodexho Management Services en instalaciones de Oreg\u00f3n, Nevada y California. <\/p>\n\n\n\n<p>Stephen obtuvo su MBA en la Mid-America Nazarene University y una licenciatura en Ciencias de la Alimentaci\u00f3n y Nutrici\u00f3n Humana en la Universidad del Estado de Washington. Mientras estuvo en el Distrito Escolar de Blue Valley, Stephen fue miembro de la Asociaci\u00f3n de Funcionarios de Negocios de Kansas, desempe\u00f1\u00e1ndose como Vicepresidente, Presidente Electo y luego Presidente en el a\u00f1o escolar 2014-2015. <\/p>\n\n\n\n<p>Stephen ha formado parte de muchos comit\u00e9s de la red nacional de Feeding America, entre ellos: Planificaci\u00f3n de la Conferencia Anual de Liderazgo, Comit\u00e9 de Participaci\u00f3n de los Miembros (Better Together), Consejo Connect (IT), Grupo de Trabajo de Contratos, Grupo de Trabajo de Envasado de Alimentos, Comit\u00e9 de Respuesta a Desastres, Comit\u00e9 Regional de Respuesta a Desastres del Medio Oeste, Grupo de Trabajo USDA\/TEFAP y el Consorcio de Tecnolog\u00eda de Operaciones. <\/p>\n\n\n\n<p>Stephen fue elegido miembro del Consejo Asesor Nacional (NAC) de Feeding America. Tomar\u00e1 posesi\u00f3n de su cargo en enero de 2025 para cumplir su mandato inicial de 3 a\u00f1os. Hay 14 directores ejecutivos de bancos de alimentos que forman parte del consejo para representar a los 200 bancos de alimentos de la red. Stephen tambi\u00e9n es miembro del Consejo de Feeding Missouri y desempe\u00f1a el cargo de CEO l\u00edder en el Comit\u00e9 Regional de Mountain Plains Feeding America.   <\/p>\n\n\n\n<p>Su participaci\u00f3n en la comunidad incluye el tiempo que ha sido miembro del consejo y presidente del consejo de la Asociaci\u00f3n Industrial de Blue Valley y miembro del consejo del Consejo Industrial de Kansas City. Tambi\u00e9n ha formado parte de otros consejos comunitarios sin \u00e1nimo de lucro de la regi\u00f3n de Kansas City y de otros grupos consultivos ad hoc de la regi\u00f3n. <\/p>\n\n\n\n<div style=\"height:20px\" aria-hidden=\"true\" class=\"wp-block-spacer\"><\/div>\n\n\n\n<hr class=\"wp-block-separator has-text-color has-blue-color has-css-opacity has-blue-background-color has-background is-style-wide\"\/>\n\n\n\n<div style=\"height:20px\" aria-hidden=\"true\" class=\"wp-block-spacer\"><\/div>\n\n\n\n<h3 class=\"wp-block-heading\">Robin Potts <br>Directora Financiero<\/h3>\n\n\n\n<figure class=\"wp-block-image alignleft size-full\"><img loading=\"lazy\" decoding=\"async\" width=\"240\" height=\"270\" src=\"http:\/\/www.harvesters.org\/wp-content\/uploads\/2022\/10\/Robin-Potts.jpg\" alt=\"Robin Potts\" class=\"wp-image-6739\"\/><\/figure>\n\n\n\n<p>Robin Potts es una profesional de las finanzas con m\u00e1s de 20 a\u00f1os de experiencia en los sectores de la contabilidad p\u00fablica y sin \u00e1nimo de lucro. Actualmente, Robin es Directora Financiera de Harvesters, donde supervisa las funciones financieras y tecnol\u00f3gicas de nuestra organizaci\u00f3n. <\/p>\n\n\n\n<p>Robin es licenciada en Contabilidad y obtuvo la licencia de CPA en 2001. Despu\u00e9s de la universidad, trabaj\u00f3 en el sector de la contabilidad p\u00fablica para CBIZ, un puesto que fue fundamental en su formaci\u00f3n y la prepar\u00f3 para pasar al sector no lucrativo.   <\/p>\n\n\n\n<p>En su funci\u00f3n actual en el sector de los bancos de alimentos, Robin forma parte del Comit\u00e9 Directivo Nacional de L\u00edderes Financieros de Feeding America, un comit\u00e9 que se ocupa de los asuntos financieros que afectan a los bancos de alimentos del pa\u00eds. Ha sido presidenta de este comit\u00e9.  Robin es antigua alumna del Greater Missouri Leadership Challenge y miembro del American Institute of Certified Public Accountants. Ha sido galardonada por CBIZ en sus premios Women Transforming Business, y ha sido reconocida por el Kansas City Business Journal como Directora Financiera del A\u00f1o.<\/p>\n\n\n\n<div style=\"height:20px\" aria-hidden=\"true\" class=\"wp-block-spacer\"><\/div>\n\n\n\n<hr class=\"wp-block-separator has-text-color has-blue-color has-css-opacity has-blue-background-color has-background is-style-wide\"\/>\n\n\n\n<div style=\"height:20px\" aria-hidden=\"true\" class=\"wp-block-spacer\"><\/div>\n\n\n\n<div class=\"wp-block-group is-layout-constrained wp-block-group-is-layout-constrained\">\n<div class=\"wp-block-group is-layout-constrained wp-block-group-is-layout-constrained\">\n<h3 class=\"wp-block-heading\">Monic Houpe <br>Directora de Operaciones<\/h3>\n<\/div>\n<\/div>\n\n\n\n<figure class=\"wp-block-image alignleft size-full\"><img loading=\"lazy\" decoding=\"async\" width=\"240\" height=\"270\" src=\"http:\/\/www.harvesters.org\/wp-content\/uploads\/2022\/10\/Monic-Houpe.jpg\" alt=\"Monic Houpe\" class=\"wp-image-6740\"\/><\/figure>\n\n\n\n<p>Monic J. Houpe se incorpor\u00f3 a Harvesters en agosto de 2021. Primero ocup\u00f3 el cargo de Directora de Asociaciones y Capacidad de la Agencia y fue ascendida a Directora de Operaciones en 2022. Monic supervisa las actividades operativas, de agencias asociadas y program\u00e1ticas de la organizaci\u00f3n, incluidas las \u00e1reas de Impacto Comunitario (Relaciones con Socios, Programas de Seguridad Alimentaria y Programas Gubernamentales), Operaciones y Aprovisionamiento e Inventario de Alimentos. Anteriormente, Monic desempe\u00f1\u00f3 funciones de creciente responsabilidad en Desarrollo de Productos\/Gesti\u00f3n de Marcas y Tecnolog\u00eda de la Informaci\u00f3n en Hallmark durante m\u00e1s de 21 a\u00f1os. Tambi\u00e9n es Profesora Adjunta en la Universidad de Webster.  <\/p>\n\n\n\n<p>Monic es una l\u00edder servicial que ha realizado importantes contribuciones a la comunidad local. Actualmente, forma parte de la junta directiva de los Servicios de Reconciliaci\u00f3n y trabaja en varios equipos de su iglesia local. Anteriormente tambi\u00e9n form\u00f3 parte del consejo de High Aspirations, del Museo Americano del Jazz y del Consejo de L\u00edderes Emergentes de los Boys &amp; Girls Clubs of Greater Kansas City.  Fue la responsable voluntaria del programa BackSnack durante una d\u00e9cada y media en Hallmark. A lo largo de su carrera, ha sido una firme defensora de la diversidad, la equidad, la inclusi\u00f3n y la pertenencia. Como miembro de m\u00faltiples consejos de diversidad, incluido el de patrocinadora ejecutiva del Consejo de Diversidad de Harvesters, como coordinadora de miembros del ERG afroamericano inaugural de Hallmark y como reclutadora de talento diverso, ha dedicado su vida a invocar el cambio para los dem\u00e1s.<\/p>\n\n\n\n<p>Monic representa a Harvesters en el Feeding America Mid-West Disaster Preparedness Cohort, el Operations Technology Consortium (OTC), la COO Round Table, la VOAD local de Kansas City, la VOAD de Kansas y la Blue Valley Industrial Association. Es licenciada en Administraci\u00f3n de Empresas, especialidad en Sistemas de Informaci\u00f3n de Gesti\u00f3n, por la Universidad Estatal de Iowa.  Tambi\u00e9n obtuvo un m\u00e1ster en Administraci\u00f3n de Empresas con especializaci\u00f3n en finanzas en la Keller Graduate School of Management de la Universidad DeVry.<\/p>\n\n\n\n<div style=\"height:20px\" aria-hidden=\"true\" class=\"wp-block-spacer\"><\/div>\n\n\n\n<hr class=\"wp-block-separator has-text-color has-blue-color has-alpha-channel-opacity has-blue-background-color has-background is-style-wide\"\/>\n\n\n\n<div style=\"height:20px\" aria-hidden=\"true\" class=\"wp-block-spacer\"><\/div>\n\n\n\n<h3 class=\"wp-block-heading\">Elizabeth Keever<br>Directora de Recursos<\/h3>\n\n\n\n<figure class=\"wp-block-image alignleft size-full is-resized\"><img loading=\"lazy\" decoding=\"async\" width=\"1549\" height=\"2065\" src=\"https:\/\/www.harvesters.org\/wp-content\/uploads\/2024\/08\/Elizabeth-Keever-Headshot-2024.jpg\" alt=\"Elizabeth Keever\" class=\"wp-image-12144\" style=\"width:239px;height:auto\" srcset=\"https:\/\/www.harvesters.org\/wp-content\/uploads\/2024\/08\/Elizabeth-Keever-Headshot-2024.jpg 1549w, https:\/\/www.harvesters.org\/wp-content\/uploads\/2024\/08\/Elizabeth-Keever-Headshot-2024-225x300.jpg 225w, https:\/\/www.harvesters.org\/wp-content\/uploads\/2024\/08\/Elizabeth-Keever-Headshot-2024-768x1024.jpg 768w, https:\/\/www.harvesters.org\/wp-content\/uploads\/2024\/08\/Elizabeth-Keever-Headshot-2024-1152x1536.jpg 1152w, https:\/\/www.harvesters.org\/wp-content\/uploads\/2024\/08\/Elizabeth-Keever-Headshot-2024-1536x2048.jpg 1536w\" sizes=\"auto, (max-width: 1549px) 100vw, 1549px\" \/><\/figure>\n\n\n\n<p>Elizabeth ha sido miembro del Comit\u00e9 de Planificaci\u00f3n de Emergencias de Lawrence, del Refugio Comunitario de Lawrence, Vicepresidenta del Consejo Pol\u00edtico del Condado de Douglas, Presidenta de LiveWell Lawrence\/Condado de Douglas y Vicepresidenta de K-State Research and Extension.  <\/p>\n\n\n\n<p>Elizabeth Keever es la Directora de Recursos de Harvesters, donde supervisa la recaudaci\u00f3n de fondos, las comunicaciones, los voluntarios, las campa\u00f1as de recogida de alimentos y la promoci\u00f3n. Anteriormente, Elizabeth fue Directora de Desarrollo en el Heartland Community Health Center de Lawrence, Kansas, desde 2022 hasta agosto de 2024. <\/p>\n\n\n\n<p>Durante casi una d\u00e9cada, Elizabeth trabaj\u00f3 en la valiosa agencia asociada de Harvesters, Just Food, donde orquest\u00f3 con \u00e9xito el lanzamiento de importantes campa\u00f1as de recaudaci\u00f3n de fondos, en particular el Festival de Camiones de Comida de Kansas, que atrajo a una multitud de m\u00e1s de 5.000 personas. El impulso de Elizabeth por marcar la diferencia la llev\u00f3 a ampliar el personal, las donaciones y la capacidad de la organizaci\u00f3n. Como Directora Ejecutiva, ampli\u00f3 el alcance de Just Food, iniciando numerosos programas esenciales y fomentando asociaciones clave, como la colaboraci\u00f3n con Heartland Community Health Center para el proyecto Care Cupboard.  <\/p>\n\n\n\n<p>Elizabeth comenz\u00f3 su carrera como Directora Financiera del Partido Dem\u00f3crata de Kansas, desempe\u00f1ando un papel fundamental en las campa\u00f1as electorales de 2010 y 2012. Se licenci\u00f3 en Ciencias Pol\u00edticas y en Estudios sobre la Paz y los Conflictos por la Universidad de Kansas, en Lawrence, Kansas. En 2020, obtuvo un Certificado de Liderazgo en Sistemas Alimentarios por la Universidad Estatal de Iowa.  <\/p>\n\n\n\n<p>Se gradu\u00f3 en los programas Leadership Lawrence y Leadership Kansas. En 2016 recibi\u00f3 el Premio Don Volker al Liderazgo de la C\u00e1mara de Comercio de Lawrence y en 2019 fue incluida en la lista de \u00abHalcones a seguir\u00bb de la Universidad de Kansas. <\/p>\n\n\n\n<div style=\"height:19px\" aria-hidden=\"true\" class=\"wp-block-spacer\"><\/div>\n\n\n<hr class=\"wp-block-separator has-text-color has-blue-color has-alpha-channel-opacity has-blue-background-color has-background is-style-wide\">\n\n\n<div style=\"height:20px\" aria-hidden=\"true\" class=\"wp-block-spacer\"><\/div>\n\n\n\n<h3 class=\"wp-block-heading\">Angela Holcomb<br>Directora de Recursos Humanos<\/h3>\n\n\n\n<figure class=\"wp-block-image alignleft size-full is-resized\"><img loading=\"lazy\" decoding=\"async\" width=\"240\" height=\"270\" src=\"http:\/\/www.harvesters.org\/wp-content\/uploads\/2024\/09\/Angela.png\" alt=\"\" class=\"wp-image-12440\" style=\"width:239px;height:auto\"\/><\/figure>\n\n\n\n<p>Angela Holcomb es Directora de Recursos Humanos en Harvesters, donde desempe\u00f1a un papel clave en la configuraci\u00f3n de las estrategias de personal de la organizaci\u00f3n. Antes de asumir el cargo de Oficial, Angela fue Directora de Recursos Humanos en Harvesters desde 2016. Angela es tambi\u00e9n la anterior Presidenta de HR Forum, un puesto de liderazgo que refleja su profundo compromiso con el avance de la profesi\u00f3n de RRHH.  <\/p>\n\n\n\n<p>Angela estudi\u00f3 Psicolog\u00eda y Administraci\u00f3n P\u00fablica en la Universidad de Missouri-Kansas City y en la Escuela de Negocios Bloch, lo que sent\u00f3 las bases de su carrera.  <\/p>\n\n\n\n<p>Entre la licenciatura y el posgrado, trabaj\u00f3 con adultos con discapacidades del desarrollo en Community Living Opportunities (CLO). Fue aqu\u00ed donde Angela descubri\u00f3 su pasi\u00f3n por ayudar a la gente y mejorar los entornos para dar a las personas la oportunidad de encontrar lo mejor de s\u00ed mismas. <\/p>\n\n\n\n<p><\/p>\n","protected":false},"excerpt":{"rendered":"<p>Conozca a nuestros ejecutivos Stephen Davis Presidente y Director Ejecutivo Stephen Davis es el Presidente y Director General de Harvesters. Anteriormente fue director de operaciones de Harvesters durante siete a\u00f1os. Antes de Harvesters, trabaj\u00f3 casi\u2026 <a href=\"https:\/\/www.harvesters.org\/es\/sobre-harvesters\/quienes-somos\/nuestro-equipo-directivo\" class=\"read-more\">More<\/a><\/p>\n","protected":false},"author":3,"featured_media":0,"parent":12918,"menu_order":2,"comment_status":"closed","ping_status":"closed","template":"","meta":{"_acf_changed":false,"inline_featured_image":false,"_uag_custom_page_level_css":"","footnotes":""},"class_list":["post-9443","page","type-page","status-publish","hentry"],"acf":[],"yoast_head":"<!-- This site is optimized with the Yoast SEO plugin v27.5 - https:\/\/yoast.com\/product\/yoast-seo-wordpress\/ -->\n<title>Nuestro equipo ejecutivo - Harvesters<\/title>\n<meta name=\"description\" content=\"El equipo de liderazgo de Harvesters - comprometido a alimentar a las personas hambrientas hoy y a trabajar para acabar con el hambre ma\u00f1ana en el NE de Kansas y el NO de Missouri.\" \/>\n<meta name=\"robots\" content=\"index, follow, max-snippet:-1, max-image-preview:large, max-video-preview:-1\" \/>\n<link rel=\"canonical\" href=\"https:\/\/www.harvesters.org\/es\/sobre-harvesters\/quienes-somos\/nuestro-equipo-directivo\" \/>\n<meta property=\"og:locale\" content=\"es_ES\" \/>\n<meta property=\"og:type\" content=\"article\" \/>\n<meta property=\"og:title\" content=\"Nuestro equipo ejecutivo - Harvesters\" \/>\n<meta property=\"og:description\" content=\"El equipo de liderazgo de Harvesters - comprometido a alimentar a las personas hambrientas hoy y a trabajar para acabar con el hambre ma\u00f1ana en el NE de Kansas y el NO de Missouri.\" \/>\n<meta property=\"og:url\" content=\"https:\/\/www.harvesters.org\/es\/sobre-harvesters\/quienes-somos\/nuestro-equipo-directivo\" \/>\n<meta property=\"og:site_name\" content=\"Harvesters\" \/>\n<meta property=\"article:modified_time\" content=\"2025-01-28T20:10:54+00:00\" \/>\n<meta property=\"og:image\" content=\"https:\/\/www.harvesters.org\/wp-content\/uploads\/2022\/10\/Stephen-Davis.jpg\" \/>\n\t<meta property=\"og:image:width\" content=\"240\" \/>\n\t<meta property=\"og:image:height\" content=\"270\" \/>\n\t<meta property=\"og:image:type\" content=\"image\/jpeg\" \/>\n<meta name=\"twitter:card\" content=\"summary_large_image\" \/>\n<meta name=\"twitter:label1\" content=\"Tiempo de lectura\" \/>\n\t<meta name=\"twitter:data1\" content=\"8 minutos\" \/>\n<script type=\"application\/ld+json\" class=\"yoast-schema-graph\">{\"@context\":\"https:\\\/\\\/schema.org\",\"@graph\":[{\"@type\":\"WebPage\",\"@id\":\"https:\\\/\\\/www.harvesters.org\\\/es\\\/sobre-harvesters\\\/quienes-somos\\\/nuestro-equipo-directivo\",\"url\":\"https:\\\/\\\/www.harvesters.org\\\/es\\\/sobre-harvesters\\\/quienes-somos\\\/nuestro-equipo-directivo\",\"name\":\"Nuestro equipo ejecutivo - Harvesters\",\"isPartOf\":{\"@id\":\"https:\\\/\\\/www.harvesters.org\\\/#website\"},\"primaryImageOfPage\":{\"@id\":\"https:\\\/\\\/www.harvesters.org\\\/es\\\/sobre-harvesters\\\/quienes-somos\\\/nuestro-equipo-directivo#primaryimage\"},\"image\":{\"@id\":\"https:\\\/\\\/www.harvesters.org\\\/es\\\/sobre-harvesters\\\/quienes-somos\\\/nuestro-equipo-directivo#primaryimage\"},\"thumbnailUrl\":\"http:\\\/\\\/www.harvesters.org\\\/wp-content\\\/uploads\\\/2022\\\/10\\\/Stephen-Davis.jpg\",\"datePublished\":\"2021-06-01T18:45:46+00:00\",\"dateModified\":\"2025-01-28T20:10:54+00:00\",\"description\":\"El equipo de liderazgo de Harvesters - comprometido a alimentar a las personas hambrientas hoy y a trabajar para acabar con el hambre ma\u00f1ana en el NE de Kansas y el NO de Missouri.\",\"breadcrumb\":{\"@id\":\"https:\\\/\\\/www.harvesters.org\\\/es\\\/sobre-harvesters\\\/quienes-somos\\\/nuestro-equipo-directivo#breadcrumb\"},\"inLanguage\":\"es\",\"potentialAction\":[{\"@type\":\"ReadAction\",\"target\":[\"https:\\\/\\\/www.harvesters.org\\\/es\\\/sobre-harvesters\\\/quienes-somos\\\/nuestro-equipo-directivo\"]}]},{\"@type\":\"ImageObject\",\"inLanguage\":\"es\",\"@id\":\"https:\\\/\\\/www.harvesters.org\\\/es\\\/sobre-harvesters\\\/quienes-somos\\\/nuestro-equipo-directivo#primaryimage\",\"url\":\"http:\\\/\\\/www.harvesters.org\\\/wp-content\\\/uploads\\\/2022\\\/10\\\/Stephen-Davis.jpg\",\"contentUrl\":\"http:\\\/\\\/www.harvesters.org\\\/wp-content\\\/uploads\\\/2022\\\/10\\\/Stephen-Davis.jpg\"},{\"@type\":\"BreadcrumbList\",\"@id\":\"https:\\\/\\\/www.harvesters.org\\\/es\\\/sobre-harvesters\\\/quienes-somos\\\/nuestro-equipo-directivo#breadcrumb\",\"itemListElement\":[{\"@type\":\"ListItem\",\"position\":1,\"name\":\"Home\",\"item\":\"https:\\\/\\\/www.harvesters.org\\\/es\"},{\"@type\":\"ListItem\",\"position\":2,\"name\":\"Sobre Harvesters\",\"item\":\"https:\\\/\\\/www.harvesters.org\\\/es\\\/sobre-harvesters\"},{\"@type\":\"ListItem\",\"position\":3,\"name\":\"Qui\u00e9nes somos\",\"item\":\"https:\\\/\\\/www.harvesters.org\\\/es\\\/sobre-harvesters\\\/quienes-somos\"},{\"@type\":\"ListItem\",\"position\":4,\"name\":\"Nuestro equipo ejecutivo\"}]},{\"@type\":\"WebSite\",\"@id\":\"https:\\\/\\\/www.harvesters.org\\\/#website\",\"url\":\"https:\\\/\\\/www.harvesters.org\\\/\",\"name\":\"Harvesters\",\"description\":\"\",\"potentialAction\":[{\"@type\":\"SearchAction\",\"target\":{\"@type\":\"EntryPoint\",\"urlTemplate\":\"https:\\\/\\\/www.harvesters.org\\\/?s={search_term_string}\"},\"query-input\":{\"@type\":\"PropertyValueSpecification\",\"valueRequired\":true,\"valueName\":\"search_term_string\"}}],\"inLanguage\":\"es\"}]}<\/script>\n<!-- \/ Yoast SEO plugin. -->","yoast_head_json":{"title":"Nuestro equipo ejecutivo - Harvesters","description":"El equipo de liderazgo de Harvesters - comprometido a alimentar a las personas hambrientas hoy y a trabajar para acabar con el hambre ma\u00f1ana en el NE de Kansas y el NO de Missouri.","robots":{"index":"index","follow":"follow","max-snippet":"max-snippet:-1","max-image-preview":"max-image-preview:large","max-video-preview":"max-video-preview:-1"},"canonical":"https:\/\/www.harvesters.org\/es\/sobre-harvesters\/quienes-somos\/nuestro-equipo-directivo","og_locale":"es_ES","og_type":"article","og_title":"Nuestro equipo ejecutivo - Harvesters","og_description":"El equipo de liderazgo de Harvesters - comprometido a alimentar a las personas hambrientas hoy y a trabajar para acabar con el hambre ma\u00f1ana en el NE de Kansas y el NO de Missouri.","og_url":"https:\/\/www.harvesters.org\/es\/sobre-harvesters\/quienes-somos\/nuestro-equipo-directivo","og_site_name":"Harvesters","article_modified_time":"2025-01-28T20:10:54+00:00","og_image":[{"width":240,"height":270,"url":"https:\/\/www.harvesters.org\/wp-content\/uploads\/2022\/10\/Stephen-Davis.jpg","type":"image\/jpeg"}],"twitter_card":"summary_large_image","twitter_misc":{"Tiempo de lectura":"8 minutos"},"schema":{"@context":"https:\/\/schema.org","@graph":[{"@type":"WebPage","@id":"https:\/\/www.harvesters.org\/es\/sobre-harvesters\/quienes-somos\/nuestro-equipo-directivo","url":"https:\/\/www.harvesters.org\/es\/sobre-harvesters\/quienes-somos\/nuestro-equipo-directivo","name":"Nuestro equipo ejecutivo - Harvesters","isPartOf":{"@id":"https:\/\/www.harvesters.org\/#website"},"primaryImageOfPage":{"@id":"https:\/\/www.harvesters.org\/es\/sobre-harvesters\/quienes-somos\/nuestro-equipo-directivo#primaryimage"},"image":{"@id":"https:\/\/www.harvesters.org\/es\/sobre-harvesters\/quienes-somos\/nuestro-equipo-directivo#primaryimage"},"thumbnailUrl":"http:\/\/www.harvesters.org\/wp-content\/uploads\/2022\/10\/Stephen-Davis.jpg","datePublished":"2021-06-01T18:45:46+00:00","dateModified":"2025-01-28T20:10:54+00:00","description":"El equipo de liderazgo de Harvesters - comprometido a alimentar a las personas hambrientas hoy y a trabajar para acabar con el hambre ma\u00f1ana en el NE de Kansas y el NO de Missouri.","breadcrumb":{"@id":"https:\/\/www.harvesters.org\/es\/sobre-harvesters\/quienes-somos\/nuestro-equipo-directivo#breadcrumb"},"inLanguage":"es","potentialAction":[{"@type":"ReadAction","target":["https:\/\/www.harvesters.org\/es\/sobre-harvesters\/quienes-somos\/nuestro-equipo-directivo"]}]},{"@type":"ImageObject","inLanguage":"es","@id":"https:\/\/www.harvesters.org\/es\/sobre-harvesters\/quienes-somos\/nuestro-equipo-directivo#primaryimage","url":"http:\/\/www.harvesters.org\/wp-content\/uploads\/2022\/10\/Stephen-Davis.jpg","contentUrl":"http:\/\/www.harvesters.org\/wp-content\/uploads\/2022\/10\/Stephen-Davis.jpg"},{"@type":"BreadcrumbList","@id":"https:\/\/www.harvesters.org\/es\/sobre-harvesters\/quienes-somos\/nuestro-equipo-directivo#breadcrumb","itemListElement":[{"@type":"ListItem","position":1,"name":"Home","item":"https:\/\/www.harvesters.org\/es"},{"@type":"ListItem","position":2,"name":"Sobre Harvesters","item":"https:\/\/www.harvesters.org\/es\/sobre-harvesters"},{"@type":"ListItem","position":3,"name":"Qui\u00e9nes somos","item":"https:\/\/www.harvesters.org\/es\/sobre-harvesters\/quienes-somos"},{"@type":"ListItem","position":4,"name":"Nuestro equipo ejecutivo"}]},{"@type":"WebSite","@id":"https:\/\/www.harvesters.org\/#website","url":"https:\/\/www.harvesters.org\/","name":"Harvesters","description":"","potentialAction":[{"@type":"SearchAction","target":{"@type":"EntryPoint","urlTemplate":"https:\/\/www.harvesters.org\/?s={search_term_string}"},"query-input":{"@type":"PropertyValueSpecification","valueRequired":true,"valueName":"search_term_string"}}],"inLanguage":"es"}]}},"uagb_featured_image_src":{"full":false,"thumbnail":false,"medium":false,"medium_large":false,"large":false,"1536x1536":false,"2048x2048":false,"alm-thumbnail":false,"featured-16-9":false,"featured-4-3":false,"featured-4-3-full":false,"featured-16-9-full":false,"gform-image-choice-sm":false,"gform-image-choice-md":false,"gform-image-choice-lg":false},"uagb_author_info":{"display_name":"John Kuefler","author_link":"https:\/\/www.harvesters.org\/es\/author\/john-kuefleruxwest-com"},"uagb_comment_info":0,"uagb_excerpt":"Conozca a nuestros ejecutivos Stephen Davis Presidente y Director Ejecutivo Stephen Davis es el Presidente y Director General de Harvesters. Anteriormente fue director de operaciones de Harvesters durante siete a\u00f1os. Antes de Harvesters, trabaj\u00f3 casi\u2026 More","_links":{"self":[{"href":"https:\/\/www.harvesters.org\/es\/wp-json\/wp\/v2\/pages\/9443","targetHints":{"allow":["GET"]}}],"collection":[{"href":"https:\/\/www.harvesters.org\/es\/wp-json\/wp\/v2\/pages"}],"about":[{"href":"https:\/\/www.harvesters.org\/es\/wp-json\/wp\/v2\/types\/page"}],"author":[{"embeddable":true,"href":"https:\/\/www.harvesters.org\/es\/wp-json\/wp\/v2\/users\/3"}],"replies":[{"embeddable":true,"href":"https:\/\/www.harvesters.org\/es\/wp-json\/wp\/v2\/comments?post=9443"}],"version-history":[{"count":5,"href":"https:\/\/www.harvesters.org\/es\/wp-json\/wp\/v2\/pages\/9443\/revisions"}],"predecessor-version":[{"id":13877,"href":"https:\/\/www.harvesters.org\/es\/wp-json\/wp\/v2\/pages\/9443\/revisions\/13877"}],"up":[{"embeddable":true,"href":"https:\/\/www.harvesters.org\/es\/wp-json\/wp\/v2\/pages\/12918"}],"wp:attachment":[{"href":"https:\/\/www.harvesters.org\/es\/wp-json\/wp\/v2\/media?parent=9443"}],"curies":[{"name":"wp","href":"https:\/\/api.w.org\/{rel}","templated":true}]}}